{"id":23,"date":"2023-09-28T13:34:45","date_gmt":"2023-09-28T13:34:45","guid":{"rendered":"https:\/\/aguaribay.edu.ar\/escuela\/?page_id=23"},"modified":"2023-12-04T21:26:17","modified_gmt":"2023-12-04T21:26:17","slug":"pedagogia","status":"publish","type":"page","link":"https:\/\/aguaribay.edu.ar\/escuela\/pedagogia\/","title":{"rendered":"Pedagog\u00eda"},"content":{"rendered":"\t\t<div data-elementor-type=\"wp-page\" data-elementor-id=\"23\" class=\"elementor elementor-23\" data-elementor-post-type=\"page\">\n\t\t\t\t<div class=\"elementor-element elementor-element-6943177 e-con-full e-flex e-con e-parent\" data-id=\"6943177\" data-element_type=\"container\" data-e-type=\"container\" data-settings=\"{&quot;background_background&quot;:&quot;classic&quot;}\">\n\t\t<div class=\"elementor-element elementor-element-d1a0b40 e-flex e-con-boxed e-con e-child\" data-id=\"d1a0b40\" data-element_type=\"container\" data-e-type=\"container\">\n\t\t\t\t\t<div class=\"e-con-inner\">\n\t\t\t\t<div class=\"elementor-element elementor-element-142c07d elementor-blockquote--skin-clean elementor-blockquote--align-left elementor-widget elementor-widget-blockquote\" data-id=\"142c07d\" data-element_type=\"widget\" data-e-type=\"widget\" data-widget_type=\"blockquote.default\">\n\t\t\t\t<div class=\"elementor-widget-container\">\n\t\t\t\t\t\t\t<blockquote class=\"elementor-blockquote\">\n\t\t\t<p class=\"elementor-blockquote__content\">\n\t\t\t\t\u201cCuando un ni\u00f1o puede relacionar lo que aprende con sus propias experiencias, su inter\u00e9s vital se despierta, su memoria se activa, y lo aprendido se vuelve suyo.\u201d \n\t\t\t<\/p>\n\t\t\t\t\t\t\t<div class=\"e-q-footer\">\n\t\t\t\t\t\t\t\t\t\t\t<cite class=\"elementor-blockquote__author\">Rudolf Steiner<\/cite>\n\t\t\t\t\t\t\t\t\t\t\t\t\t\t<\/div>\n\t\t\t\t\t<\/blockquote>\n\t\t\t\t\t\t<\/div>\n\t\t\t\t<\/div>\n\t\t\t\t\t<\/div>\n\t\t\t\t<\/div>\n\t\t\t\t<\/div>\n\t\t<div class=\"elementor-element elementor-element-879dcf0 e-flex e-con-boxed e-con e-parent\" data-id=\"879dcf0\" data-element_type=\"container\" data-e-type=\"container\" data-settings=\"{&quot;background_background&quot;:&quot;gradient&quot;}\">\n\t\t\t\t\t<div class=\"e-con-inner\">\n\t\t<div class=\"elementor-element elementor-element-b721231 e-flex e-con-boxed e-con e-child\" data-id=\"b721231\" data-element_type=\"container\" data-e-type=\"container\">\n\t\t\t\t\t<div class=\"e-con-inner\">\n\t\t\t\t<div class=\"elementor-element elementor-element-b59b7b6 elementor-widget elementor-widget-heading\" data-id=\"b59b7b6\" data-element_type=\"widget\" data-e-type=\"widget\" data-widget_type=\"heading.default\">\n\t\t\t\t<div class=\"elementor-widget-container\">\n\t\t\t\t\t<h1 class=\"elementor-heading-title elementor-size-default\">Pedagog\u00eda<\/h1>\t\t\t\t<\/div>\n\t\t\t\t<\/div>\n\t\t\t\t<div class=\"elementor-element elementor-element-d003cb8 elementor-widget elementor-widget-text-editor\" data-id=\"d003cb8\" data-element_type=\"widget\" data-e-type=\"widget\" data-widget_type=\"text-editor.default\">\n\t\t\t\t<div class=\"elementor-widget-container\">\n\t\t\t\t\t\t\t\t\t<p>La pedagog\u00eda Waldorf se basa en el conocimiento profundo de las necesidades del ni\u00f1o y en la b\u00fasqueda de una educaci\u00f3n centrada en la espiritualidad, el arte, la creatividad, la libertad con responsabilidad y la relaci\u00f3n con su entorno natural (Reinos mineral, vegetal y animal).<\/p><p>Tuvo su origen en el a\u00f1o 1919, de la mano del fil\u00f3sofo austr\u00edaco Rudolf Steiner (1861 \u2013 1925), cuando visit\u00f3 la f\u00e1brica de cigarrillos Waldorf Astoria en Stuttgart, Alemania. La naci\u00f3n germana, vencida en la guerra, se tambaleaba ante un inminente caos econ\u00f3mico, social y pol\u00edtico. Steiner habl\u00f3 a los trabajadores de la necesidad de una renovaci\u00f3n social, de una nueva manera de organizar la sociedad, as\u00ed como su vida pol\u00edtica y cultural. Emil Molt, el propietario de la f\u00e1brica, pregunt\u00f3 a Steiner si \u00e9l se encargar\u00eda de establecer y guiar una escuela para los hijos de los empleados de la compa\u00f1\u00eda. Steiner estuvo de acuerdo con la condici\u00f3n de que la escuela fuera abierta para todos los ni\u00f1os de diferentes contextos sociales, mixta y que ofreciera un plan de estudios para realizarse durante doce a\u00f1os. Steiner fue el director de la escuela hasta su muerte en 1925.\u00a0<\/p><p>Hoy en d\u00eda existen m\u00e1s de 1000 escuelas de la Pedagog\u00eda Waldorf en el mundo<\/p>\t\t\t\t\t\t\t\t<\/div>\n\t\t\t\t<\/div>\n\t\t\t\t\t<\/div>\n\t\t\t\t<\/div>\n\t\t\t\t\t<\/div>\n\t\t\t\t<\/div>\n\t\t<div class=\"elementor-element elementor-element-5506cc9 e-flex e-con-boxed e-con e-parent\" data-id=\"5506cc9\" data-element_type=\"container\" data-e-type=\"container\">\n\t\t\t\t\t<div class=\"e-con-inner\">\n\t\t<div class=\"elementor-element elementor-element-0f4d7b3 e-flex e-con-boxed e-con e-child\" data-id=\"0f4d7b3\" data-element_type=\"container\" data-e-type=\"container\">\n\t\t\t\t\t<div class=\"e-con-inner\">\n\t\t\t\t<div class=\"elementor-element elementor-element-e944559 elementor-widget elementor-widget-heading\" data-id=\"e944559\" data-element_type=\"widget\" data-e-type=\"widget\" data-widget_type=\"heading.default\">\n\t\t\t\t<div class=\"elementor-widget-container\">\n\t\t\t\t\t<h2 class=\"elementor-heading-title elementor-size-default\">Los principios fundamentales de la pedagog\u00eda Waldorf: \n<\/h2>\t\t\t\t<\/div>\n\t\t\t\t<\/div>\n\t\t\t\t<div class=\"elementor-element elementor-element-b34a256 elementor-widget elementor-widget-text-editor\" data-id=\"b34a256\" data-element_type=\"widget\" data-e-type=\"widget\" data-widget_type=\"text-editor.default\">\n\t\t\t\t<div class=\"elementor-widget-container\">\n\t\t\t\t\t\t\t\t\t<ul><li><b>El respeto por la individualidad <\/b><i>En la pedagog\u00eda Waldorf, cada ser humano es visto como \u00fanico y valioso. Se honra la diversidad de habilidades y experiencias de cada ni\u00f1o, y se alienta el desarrollo de su singularidad<\/i><\/li><li><b>La educaci\u00f3n hol\u00edstica <\/b><i>La pedagog\u00eda Waldorf se preocupa por el desarrollo integral de cada ni\u00f1o. Se dedica tiempo en igual medida a las artes, las ciencias y las habilidades pr\u00e1cticas.<\/i><\/li><li><b>El enfoque en la creatividad<\/b> <i>La pedagog\u00eda Waldorf cree que la creatividad es esencial para el aprendizaje. Los estudiantes aprenden a trav\u00e9s del juego y la exploraci\u00f3n, lo que les permite desarrollar su imaginaci\u00f3n y sus habilidades creativas.<\/i><\/li><li><b>El ritmo adecuado para cada edad<\/b> <i>El plan de estudios en la pedagog\u00eda Waldorf se adapta a las necesidades de cada edad y etapa de desarrollo del ni\u00f1o. Este enfoque asegura que el ni\u00f1o siempre est\u00e9 disfrutando del aprendizaje y se sienta motivado.<\/i><\/li><\/ul>\t\t\t\t\t\t\t\t<\/div>\n\t\t\t\t<\/div>\n\t\t\t\t<div class=\"elementor-element elementor-element-b73e7a1 elementor-widget elementor-widget-heading\" data-id=\"b73e7a1\" data-element_type=\"widget\" data-e-type=\"widget\" data-widget_type=\"heading.default\">\n\t\t\t\t<div class=\"elementor-widget-container\">\n\t\t\t\t\t<h2 class=\"elementor-heading-title elementor-size-default\">El enfoque de aprendizaje basado en la imaginaci\u00f3n y la creatividad \n<\/h2>\t\t\t\t<\/div>\n\t\t\t\t<\/div>\n\t\t\t\t<div class=\"elementor-element elementor-element-3ba89e8 elementor-widget elementor-widget-text-editor\" data-id=\"3ba89e8\" data-element_type=\"widget\" data-e-type=\"widget\" data-widget_type=\"text-editor.default\">\n\t\t\t\t<div class=\"elementor-widget-container\">\n\t\t\t\t\t\t\t\t\t<ul><li aria-level=\"1\"><b>Arte y Creatividad <\/b><i>La pedagog\u00eda Waldorf enfatiza las artes y las actividades creativas como una forma de aprendizaje efectiva.<\/i><\/li><li aria-level=\"1\"><b>Aprendizaje L\u00fadico y Pr\u00e1ctico<\/b><i> Los estudiantes aprenden a trav\u00e9s del juego y la exploraci\u00f3n pr\u00e1ctica, lo que les permite desarrollar habilidades importantes como la atenci\u00f3n, la concentraci\u00f3n y la coordinaci\u00f3n motriz.<\/i><\/li><li aria-level=\"1\"><b>El Poder de la Imaginaci\u00f3n<\/b> <i>La pedagog\u00eda Waldorf cree que la imaginaci\u00f3n es esencial para el aprendizaje. Se fomenta una conexi\u00f3n profunda con los cuentos y las historias, lo que ayuda a los estudiantes a aprender de manera significativa.<\/i><\/li><\/ul>\t\t\t\t\t\t\t\t<\/div>\n\t\t\t\t<\/div>\n\t\t\t\t<div class=\"elementor-element elementor-element-ef50033 elementor-widget elementor-widget-heading\" data-id=\"ef50033\" data-element_type=\"widget\" data-e-type=\"widget\" data-widget_type=\"heading.default\">\n\t\t\t\t<div class=\"elementor-widget-container\">\n\t\t\t\t\t<h2 class=\"elementor-heading-title elementor-size-default\">Beneficios de la pedagog\u00eda Waldorf para los ni\u00f1os y su desarrollo \n<\/h2>\t\t\t\t<\/div>\n\t\t\t\t<\/div>\n\t\t\t\t<div class=\"elementor-element elementor-element-0df1129 elementor-widget elementor-widget-text-editor\" data-id=\"0df1129\" data-element_type=\"widget\" data-e-type=\"widget\" data-widget_type=\"text-editor.default\">\n\t\t\t\t<div class=\"elementor-widget-container\">\n\t\t\t\t\t\t\t\t\t<ul>\n \t<li aria-level=\"1\"><b>Desarrollo equilibrado <\/b><i>La pedagog\u00eda Waldorf se enfoca en las necesidades individuales y \u00fanicas de cada ni\u00f1o, asegurando que cada aspecto de su desarrollo sea atendido de manera integral. Esto ayuda a los estudiantes a desarrollarse de manera equilibrada y saludable.<\/i><\/li>\n \t<li aria-level=\"1\"><b>Desarrollo de habilidades sociales <\/b><i>En la pedagog\u00eda Waldorf, se fomenta la creaci\u00f3n de comunidades y se ense\u00f1a la importancia del trabajo en equipo y de las relaciones interpersonales. Esto ayuda a los estudiantes a desarrollar habilidades sociales importantes, como la empat\u00eda y la comunicaci\u00f3n efectiva.<\/i><\/li>\n \t<li aria-level=\"1\"><b>Creatividad y originalidad<\/b> <i>La pedagog\u00eda Waldorf es conocida por su enfoque en la creatividad y la originalidad. Los estudiantes aprenden a trav\u00e9s de la imaginaci\u00f3n y la exploraci\u00f3n, lo que les permite desarrollar habilidades importantes como la creatividad y la originalidad en sus pensamientos y acciones.<\/i><i><\/i><\/li>\t\t\t\t\t\t\t\t<\/div>\n\t\t\t\t<\/div>\n\t\t\t\t\t<\/div>\n\t\t\t\t<\/div>\n\t\t\t\t\t<\/div>\n\t\t\t\t<\/div>\n\t\t<div class=\"elementor-element elementor-element-c349310 e-flex e-con-boxed e-con e-parent\" data-id=\"c349310\" data-element_type=\"container\" data-e-type=\"container\" id=\"seminario\">\n\t\t\t\t\t<div class=\"e-con-inner\">\n\t\t<div class=\"elementor-element elementor-element-27b236d e-flex e-con-boxed e-con e-child\" data-id=\"27b236d\" data-element_type=\"container\" data-e-type=\"container\">\n\t\t\t\t\t<div class=\"e-con-inner\">\n\t\t\t\t<div class=\"elementor-element elementor-element-fe0464c elementor-widget elementor-widget-heading\" data-id=\"fe0464c\" data-element_type=\"widget\" data-e-type=\"widget\" data-widget_type=\"heading.default\">\n\t\t\t\t<div class=\"elementor-widget-container\">\n\t\t\t\t\t<h2 class=\"elementor-heading-title elementor-size-default\">Seminario<\/h2>\t\t\t\t<\/div>\n\t\t\t\t<\/div>\n\t\t\t\t<div class=\"elementor-element elementor-element-46693c1 elementor-widget elementor-widget-text-editor\" data-id=\"46693c1\" data-element_type=\"widget\" data-e-type=\"widget\" data-widget_type=\"text-editor.default\">\n\t\t\t\t<div class=\"elementor-widget-container\">\n\t\t\t\t\t\t\t\t\t<p>Te invitamos a ser parte del Seminario en \u00abPedagog\u00eda Waldorf C\u00f3rdoba Sede Mendoza\u00bb, que se realizar\u00e1 en nuestra Escuela Aguaribay este a\u00f1o 2024. <br>Organizado por nuestro Cuenco de Maestros, est\u00e1 dirigido a docentes o a cualquier persona interesada en la educaci\u00f3n y la formaci\u00f3n en Pedagog\u00eda Waldorf y Antroposof\u00eda.<\/p>\t\t\t\t\t\t\t\t<\/div>\n\t\t\t\t<\/div>\n\t\t\t\t<div class=\"elementor-element elementor-element-8df5f4b elementor-widget elementor-widget-heading\" data-id=\"8df5f4b\" data-element_type=\"widget\" data-e-type=\"widget\" data-widget_type=\"heading.default\">\n\t\t\t\t<div class=\"elementor-widget-container\">\n\t\t\t\t\t<h3 class=\"elementor-heading-title elementor-size-default\">Incluye<\/h3>\t\t\t\t<\/div>\n\t\t\t\t<\/div>\n\t\t\t\t<div class=\"elementor-element elementor-element-2aeb9e8 elementor-icon-list--layout-traditional elementor-list-item-link-full_width elementor-widget elementor-widget-icon-list\" data-id=\"2aeb9e8\" data-element_type=\"widget\" data-e-type=\"widget\" data-widget_type=\"icon-list.default\">\n\t\t\t\t<div class=\"elementor-widget-container\">\n\t\t\t\t\t\t\t<ul class=\"elementor-icon-list-items\">\n\t\t\t\t\t\t\t<li class=\"elementor-icon-list-item\">\n\t\t\t\t\t\t\t\t\t\t\t<span class=\"elementor-icon-list-icon\">\n\t\t\t\t\t\t\t<i aria-hidden=\"true\" class=\"fas fa-star\"><\/i>\t\t\t\t\t\t<\/span>\n\t\t\t\t\t\t\t\t\t\t<span class=\"elementor-icon-list-text\">Ciclo b\u00e1sico de tres a\u00f1os, que sienta las bases del conocimiento en la Antroposof\u00eda.<\/span>\n\t\t\t\t\t\t\t\t\t<\/li>\n\t\t\t\t\t\t\t\t<li class=\"elementor-icon-list-item\">\n\t\t\t\t\t\t\t\t\t\t\t<span class=\"elementor-icon-list-icon\">\n\t\t\t\t\t\t\t<i aria-hidden=\"true\" class=\"fas fa-star\"><\/i>\t\t\t\t\t\t<\/span>\n\t\t\t\t\t\t\t\t\t\t<span class=\"elementor-icon-list-text\">Una profundizaci\u00f3n opcional de tres a\u00f1os para especializarse en primer, segundo o tercer septenio<\/span>\n\t\t\t\t\t\t\t\t\t<\/li>\n\t\t\t\t\t\t\t\t<li class=\"elementor-icon-list-item\">\n\t\t\t\t\t\t\t\t\t\t\t<span class=\"elementor-icon-list-icon\">\n\t\t\t\t\t\t\t<i aria-hidden=\"true\" class=\"fas fa-star\"><\/i>\t\t\t\t\t\t<\/span>\n\t\t\t\t\t\t\t\t\t\t<span class=\"elementor-icon-list-text\">Nueve encuentros anuales, cada uno de dos d\u00edas y una noche.<\/span>\n\t\t\t\t\t\t\t\t\t<\/li>\n\t\t\t\t\t\t\t\t<li class=\"elementor-icon-list-item\">\n\t\t\t\t\t\t\t\t\t\t\t<span class=\"elementor-icon-list-icon\">\n\t\t\t\t\t\t\t<i aria-hidden=\"true\" class=\"fas fa-star\"><\/i>\t\t\t\t\t\t<\/span>\n\t\t\t\t\t\t\t\t\t\t<span class=\"elementor-icon-list-text\">Clases dictadas por m\u00e1s de treinta docentes altamente reconocidos en el \u00e1mbito de la Pedagog\u00eda Waldorf y la Antroposof\u00eda.<\/span>\n\t\t\t\t\t\t\t\t\t<\/li>\n\t\t\t\t\t\t<\/ul>\n\t\t\t\t\t\t<\/div>\n\t\t\t\t<\/div>\n\t\t\t\t<div class=\"elementor-element elementor-element-20f8b49 elementor-widget elementor-widget-text-editor\" data-id=\"20f8b49\" data-element_type=\"widget\" data-e-type=\"widget\" data-widget_type=\"text-editor.default\">\n\t\t\t\t<div class=\"elementor-widget-container\">\n\t\t\t\t\t\t\t\t\t<p>Para m\u00e1s informaci\u00f3n e inscripciones comunicarse con Fernando Rivas al 2615 96-8089 o al correo: <span style=\"text-align: var(--text-align);\"><font color=\"#339966\">seminario@aguaribay.edu.ar<\/font><\/span><\/p>\t\t\t\t\t\t\t\t<\/div>\n\t\t\t\t<\/div>\n\t\t\t\t\t<\/div>\n\t\t\t\t<\/div>\n\t\t\t\t\t<\/div>\n\t\t\t\t<\/div>\n\t\t<div class=\"elementor-element elementor-element-836bf4f elementor-hidden-mobile e-flex e-con-boxed e-con e-parent\" data-id=\"836bf4f\" data-element_type=\"container\" data-e-type=\"container\">\n\t\t\t\t\t<div class=\"e-con-inner\">\n\t\t\t\t<div class=\"elementor-element elementor-element-8619cc8 elementor-fixed elementor-hidden-tablet elementor-hidden-mobile elementor-view-default elementor-widget elementor-widget-icon\" data-id=\"8619cc8\" data-element_type=\"widget\" data-e-type=\"widget\" data-settings=\"{&quot;_position&quot;:&quot;fixed&quot;}\" data-widget_type=\"icon.default\">\n\t\t\t\t<div class=\"elementor-widget-container\">\n\t\t\t\t\t\t\t<div class=\"elementor-icon-wrapper\">\n\t\t\t<a class=\"elementor-icon\" href=\"https:\/\/aguaribay.edu.ar\/escuela\/#up\">\n\t\t\t<i aria-hidden=\"true\" class=\"fas fa-angle-up\"><\/i>\t\t\t<\/a>\n\t\t<\/div>\n\t\t\t\t\t\t<\/div>\n\t\t\t\t<\/div>\n\t\t\t\t\t<\/div>\n\t\t\t\t<\/div>\n\t\t\t\t<\/div>\n\t\t","protected":false},"excerpt":{"rendered":"<p>\u201cCuando un ni\u00f1o puede relacionar lo que aprende con sus propias experiencias, su inter\u00e9s vital se despierta, su memoria se activa, y lo aprendido se vuelve suyo.\u201d Rudolf Steiner Pedagog\u00eda La pedagog\u00eda Waldorf se basa en el conocimiento profundo de las necesidades del ni\u00f1o y en la b\u00fasqueda de una educaci\u00f3n centrada en la espiritualidad, [&hellip;]<\/p>\n","protected":false},"author":2,"featured_media":0,"parent":0,"menu_order":0,"comment_status":"closed","ping_status":"closed","template":"","meta":{"_acf_changed":false,"footnotes":""},"class_list":["post-23","page","type-page","status-publish","hentry"],"acf":[],"yoast_head":"<!-- This site is optimized with the Yoast SEO plugin v27.0 - https:\/\/yoast.com\/product\/yoast-seo-wordpress\/ -->\n<title>Pedagog\u00eda - Escuela Aguaribay<\/title>\n<meta name=\"robots\" content=\"index, follow, max-snippet:-1, max-image-preview:large, max-video-preview:-1\" \/>\n<link rel=\"canonical\" href=\"https:\/\/aguaribay.edu.ar\/escuela\/pedagogia\/\" \/>\n<meta property=\"og:locale\" content=\"es_ES\" \/>\n<meta property=\"og:type\" content=\"article\" \/>\n<meta property=\"og:title\" content=\"Pedagog\u00eda - Escuela Aguaribay\" \/>\n<meta property=\"og:description\" content=\"\u201cCuando un ni\u00f1o puede relacionar lo que aprende con sus propias experiencias, su inter\u00e9s vital se despierta, su memoria se activa, y lo aprendido se vuelve suyo.\u201d Rudolf Steiner Pedagog\u00eda La pedagog\u00eda Waldorf se basa en el conocimiento profundo de las necesidades del ni\u00f1o y en la b\u00fasqueda de una educaci\u00f3n centrada en la espiritualidad, [&hellip;]\" \/>\n<meta property=\"og:url\" content=\"https:\/\/aguaribay.edu.ar\/escuela\/pedagogia\/\" \/>\n<meta property=\"og:site_name\" content=\"Escuela Aguaribay\" \/>\n<meta property=\"article:modified_time\" content=\"2023-12-04T21:26:17+00:00\" \/>\n<meta name=\"twitter:card\" content=\"summary_large_image\" \/>\n<script type=\"application\/ld+json\" class=\"yoast-schema-graph\">{\"@context\":\"https:\/\/schema.org\",\"@graph\":[{\"@type\":\"WebPage\",\"@id\":\"https:\/\/aguaribay.edu.ar\/escuela\/pedagogia\/\",\"url\":\"https:\/\/aguaribay.edu.ar\/escuela\/pedagogia\/\",\"name\":\"Pedagog\u00eda - Escuela Aguaribay\",\"isPartOf\":{\"@id\":\"https:\/\/aguaribay.edu.ar\/escuela\/#website\"},\"datePublished\":\"2023-09-28T13:34:45+00:00\",\"dateModified\":\"2023-12-04T21:26:17+00:00\",\"inLanguage\":\"es\",\"potentialAction\":[{\"@type\":\"ReadAction\",\"target\":[\"https:\/\/aguaribay.edu.ar\/escuela\/pedagogia\/\"]}]},{\"@type\":\"WebSite\",\"@id\":\"https:\/\/aguaribay.edu.ar\/escuela\/#website\",\"url\":\"https:\/\/aguaribay.edu.ar\/escuela\/\",\"name\":\"Escuela Aguaribay\",\"description\":\"Sitio institucional Escuela Aguaribay\",\"publisher\":{\"@id\":\"https:\/\/aguaribay.edu.ar\/escuela\/#organization\"},\"potentialAction\":[{\"@type\":\"SearchAction\",\"target\":{\"@type\":\"EntryPoint\",\"urlTemplate\":\"https:\/\/aguaribay.edu.ar\/escuela\/?s={search_term_string}\"},\"query-input\":{\"@type\":\"PropertyValueSpecification\",\"valueRequired\":true,\"valueName\":\"search_term_string\"}}],\"inLanguage\":\"es\"},{\"@type\":\"Organization\",\"@id\":\"https:\/\/aguaribay.edu.ar\/escuela\/#organization\",\"name\":\"Escuela Aguaribay\",\"url\":\"https:\/\/aguaribay.edu.ar\/escuela\/\",\"logo\":{\"@type\":\"ImageObject\",\"inLanguage\":\"es\",\"@id\":\"https:\/\/aguaribay.edu.ar\/escuela\/#\/schema\/logo\/image\/\",\"url\":\"https:\/\/aguaribay.edu.ar\/escuela\/wp-content\/uploads\/2023\/09\/Logo-aguaribay.png\",\"contentUrl\":\"https:\/\/aguaribay.edu.ar\/escuela\/wp-content\/uploads\/2023\/09\/Logo-aguaribay.png\",\"width\":500,\"height\":500,\"caption\":\"Escuela Aguaribay\"},\"image\":{\"@id\":\"https:\/\/aguaribay.edu.ar\/escuela\/#\/schema\/logo\/image\/\"},\"sameAs\":[\"https:\/\/www.instagram.com\/escuela_aguaribay\/?hl=es-la\"]}]}<\/script>\n<!-- \/ Yoast SEO plugin. -->","yoast_head_json":{"title":"Pedagog\u00eda - Escuela Aguaribay","robots":{"index":"index","follow":"follow","max-snippet":"max-snippet:-1","max-image-preview":"max-image-preview:large","max-video-preview":"max-video-preview:-1"},"canonical":"https:\/\/aguaribay.edu.ar\/escuela\/pedagogia\/","og_locale":"es_ES","og_type":"article","og_title":"Pedagog\u00eda - Escuela Aguaribay","og_description":"\u201cCuando un ni\u00f1o puede relacionar lo que aprende con sus propias experiencias, su inter\u00e9s vital se despierta, su memoria se activa, y lo aprendido se vuelve suyo.\u201d Rudolf Steiner Pedagog\u00eda La pedagog\u00eda Waldorf se basa en el conocimiento profundo de las necesidades del ni\u00f1o y en la b\u00fasqueda de una educaci\u00f3n centrada en la espiritualidad, [&hellip;]","og_url":"https:\/\/aguaribay.edu.ar\/escuela\/pedagogia\/","og_site_name":"Escuela Aguaribay","article_modified_time":"2023-12-04T21:26:17+00:00","twitter_card":"summary_large_image","schema":{"@context":"https:\/\/schema.org","@graph":[{"@type":"WebPage","@id":"https:\/\/aguaribay.edu.ar\/escuela\/pedagogia\/","url":"https:\/\/aguaribay.edu.ar\/escuela\/pedagogia\/","name":"Pedagog\u00eda - Escuela Aguaribay","isPartOf":{"@id":"https:\/\/aguaribay.edu.ar\/escuela\/#website"},"datePublished":"2023-09-28T13:34:45+00:00","dateModified":"2023-12-04T21:26:17+00:00","inLanguage":"es","potentialAction":[{"@type":"ReadAction","target":["https:\/\/aguaribay.edu.ar\/escuela\/pedagogia\/"]}]},{"@type":"WebSite","@id":"https:\/\/aguaribay.edu.ar\/escuela\/#website","url":"https:\/\/aguaribay.edu.ar\/escuela\/","name":"Escuela Aguaribay","description":"Sitio institucional Escuela Aguaribay","publisher":{"@id":"https:\/\/aguaribay.edu.ar\/escuela\/#organization"},"potentialAction":[{"@type":"SearchAction","target":{"@type":"EntryPoint","urlTemplate":"https:\/\/aguaribay.edu.ar\/escuela\/?s={search_term_string}"},"query-input":{"@type":"PropertyValueSpecification","valueRequired":true,"valueName":"search_term_string"}}],"inLanguage":"es"},{"@type":"Organization","@id":"https:\/\/aguaribay.edu.ar\/escuela\/#organization","name":"Escuela Aguaribay","url":"https:\/\/aguaribay.edu.ar\/escuela\/","logo":{"@type":"ImageObject","inLanguage":"es","@id":"https:\/\/aguaribay.edu.ar\/escuela\/#\/schema\/logo\/image\/","url":"https:\/\/aguaribay.edu.ar\/escuela\/wp-content\/uploads\/2023\/09\/Logo-aguaribay.png","contentUrl":"https:\/\/aguaribay.edu.ar\/escuela\/wp-content\/uploads\/2023\/09\/Logo-aguaribay.png","width":500,"height":500,"caption":"Escuela Aguaribay"},"image":{"@id":"https:\/\/aguaribay.edu.ar\/escuela\/#\/schema\/logo\/image\/"},"sameAs":["https:\/\/www.instagram.com\/escuela_aguaribay\/?hl=es-la"]}]}},"_links":{"self":[{"href":"https:\/\/aguaribay.edu.ar\/escuela\/wp-json\/wp\/v2\/pages\/23","targetHints":{"allow":["GET"]}}],"collection":[{"href":"https:\/\/aguaribay.edu.ar\/escuela\/wp-json\/wp\/v2\/pages"}],"about":[{"href":"https:\/\/aguaribay.edu.ar\/escuela\/wp-json\/wp\/v2\/types\/page"}],"author":[{"embeddable":true,"href":"https:\/\/aguaribay.edu.ar\/escuela\/wp-json\/wp\/v2\/users\/2"}],"replies":[{"embeddable":true,"href":"https:\/\/aguaribay.edu.ar\/escuela\/wp-json\/wp\/v2\/comments?post=23"}],"version-history":[{"count":0,"href":"https:\/\/aguaribay.edu.ar\/escuela\/wp-json\/wp\/v2\/pages\/23\/revisions"}],"wp:attachment":[{"href":"https:\/\/aguaribay.edu.ar\/escuela\/wp-json\/wp\/v2\/media?parent=23"}],"curies":[{"name":"wp","href":"https:\/\/api.w.org\/{rel}","templated":true}]}}