{"id":8,"date":"2023-08-08T20:20:38","date_gmt":"2023-08-08T20:20:38","guid":{"rendered":"https:\/\/aguaribay.edu.ar\/escuela\/?page_id=8"},"modified":"2025-03-14T19:26:02","modified_gmt":"2025-03-14T19:26:02","slug":"aguaribay","status":"publish","type":"page","link":"https:\/\/aguaribay.edu.ar\/escuela\/","title":{"rendered":"Aguaribay"},"content":{"rendered":"\t\t<div data-elementor-type=\"wp-page\" data-elementor-id=\"8\" class=\"elementor elementor-8\" data-elementor-post-type=\"page\">\n\t\t\t\t<div class=\"elementor-element elementor-element-65b15ae e-con-full e-flex e-con e-parent\" data-id=\"65b15ae\" data-element_type=\"container\" data-e-type=\"container\" data-settings=\"{&quot;background_background&quot;:&quot;video&quot;,&quot;background_video_link&quot;:&quot;https:\\\/\\\/aguaribay.edu.ar\\\/escuela\\\/wp-content\\\/uploads\\\/2023\\\/11\\\/entrada_aguaribay.mp4&quot;,&quot;background_play_on_mobile&quot;:&quot;yes&quot;}\">\n\t\t<div class=\"elementor-background-video-container\">\n\t\t\t\t\t\t\t<video class=\"elementor-background-video-hosted\" role=\"presentation\" autoplay muted playsinline loop><\/video>\n\t\t\t\t\t<\/div><div class=\"elementor-element elementor-element-dfa787e e-flex e-con-boxed e-con e-child\" data-id=\"dfa787e\" data-element_type=\"container\" data-e-type=\"container\">\n\t\t\t\t\t<div class=\"e-con-inner\">\n\t\t\t\t<div class=\"elementor-element elementor-element-bdc1661 elementor-blockquote--skin-clean elementor-blockquote--align-left elementor-widget elementor-widget-blockquote\" data-id=\"bdc1661\" data-element_type=\"widget\" data-e-type=\"widget\" data-widget_type=\"blockquote.default\">\n\t\t\t\t<div class=\"elementor-widget-container\">\n\t\t\t\t\t\t\t<blockquote class=\"elementor-blockquote\">\n\t\t\t<p class=\"elementor-blockquote__content\">\n\t\t\t\t\u201cCuando un ni\u00f1o puede relacionar lo que aprende con sus propias experiencias, su inter\u00e9s vital se despierta, su memoria se activa, y lo aprendido se vuelve suyo.\u201d \n\t\t\t<\/p>\n\t\t\t\t\t\t\t<div class=\"e-q-footer\">\n\t\t\t\t\t\t\t\t\t\t\t<cite class=\"elementor-blockquote__author\">Rudolf Steiner<\/cite>\n\t\t\t\t\t\t\t\t\t\t\t\t\t\t<\/div>\n\t\t\t\t\t<\/blockquote>\n\t\t\t\t\t\t<\/div>\n\t\t\t\t<\/div>\n\t\t\t\t\t<\/div>\n\t\t\t\t<\/div>\n\t\t\t\t<\/div>\n\t\t<div class=\"elementor-element elementor-element-e87a08c e-flex e-con-boxed e-con e-parent\" data-id=\"e87a08c\" data-element_type=\"container\" data-e-type=\"container\" data-settings=\"{&quot;background_background&quot;:&quot;gradient&quot;}\">\n\t\t\t\t\t<div class=\"e-con-inner\">\n\t\t<div class=\"elementor-element elementor-element-6d330a1 e-flex e-con-boxed e-con e-child\" data-id=\"6d330a1\" data-element_type=\"container\" data-e-type=\"container\">\n\t\t\t\t\t<div class=\"e-con-inner\">\n\t\t\t\t<div class=\"elementor-element elementor-element-6e18d2d elementor-widget elementor-widget-heading\" data-id=\"6e18d2d\" data-element_type=\"widget\" data-e-type=\"widget\" data-widget_type=\"heading.default\">\n\t\t\t\t<div class=\"elementor-widget-container\">\n\t\t\t\t\t<h1 class=\"elementor-heading-title elementor-size-default\">Nuestra Escuela<\/h1>\t\t\t\t<\/div>\n\t\t\t\t<\/div>\n\t\t\t\t<div class=\"elementor-element elementor-element-773743a elementor-widget elementor-widget-text-editor\" data-id=\"773743a\" data-element_type=\"widget\" data-e-type=\"widget\" data-widget_type=\"text-editor.default\">\n\t\t\t\t<div class=\"elementor-widget-container\">\n\t\t\t\t\t\t\t\t\t<p>Aguaribay surge del sue\u00f1o, el compromiso y el esfuerzo de un grupo de madres, padres y educadores de Mendoza, Argentina, que buscaban brindar a la ni\u00f1ez una educaci\u00f3n creativa, libre e inclusiva.<\/p>\n<p>Estas familias proven\u00edan del Jard\u00edn Risas de mi Tierra, proyecto que hab\u00eda comenzado en un garage familiar y que dio comienzo a este proceso educativo comunitario all\u00e1 por el 2011, de la mano de la pedagog\u00eda Waldorf y la educaci\u00f3n popular.<\/p>\n<p>El fuerte deseo de dar continuidad a esta forma educativa y de gesti\u00f3n, ya cuando los ni\u00f1os y ni\u00f1as estaban alcanzando la edad escolar, dio impulso a la gestaci\u00f3n de nuestra actual Escuela Aguaribay.<\/p>\n<p>Hoy somos una escuela de gesti\u00f3n comunitaria y orientaci\u00f3n pedag\u00f3gica Waldorf, de nivel inicial y primaria, gestada desde la Asociaci\u00f3n Civil Familias de mi Tierra (Personer\u00eda Jur\u00eddica N.\u00ba 3098) y avalada por la Direcci\u00f3n General de Escuelas de la Provincia de Mendoza.<\/p>\n<p>Trabajamos por una educaci\u00f3n creativa, libre e inclusiva, basada en el respeto por la naturaleza y la valoraci\u00f3n de nuestra particularidad cultural desde el Sur.<\/p>\n<p>Los prop\u00f3sitos de la escuela incluyen garantizar una educaci\u00f3n integral, la igualdad de oportunidades, el respeto a los derechos humanos, la preservaci\u00f3n del patrimonio natural, cultural y art\u00edstico as\u00ed como fomentar el trabajo cooperativo y estimular la autonom\u00eda a trav\u00e9s de la creatividad, el juego y el conocimiento.<\/p>\t\t\t\t\t\t\t\t<\/div>\n\t\t\t\t<\/div>\n\t\t\t\t\t<\/div>\n\t\t\t\t<\/div>\n\t\t\t\t\t<\/div>\n\t\t\t\t<\/div>\n\t\t<div class=\"elementor-element elementor-element-c41c117 e-flex e-con-boxed e-con e-parent\" data-id=\"c41c117\" data-element_type=\"container\" data-e-type=\"container\" id=\"inicial\" data-settings=\"{&quot;background_background&quot;:&quot;classic&quot;}\">\n\t\t\t\t\t<div class=\"e-con-inner\">\n\t\t<div class=\"elementor-element elementor-element-7623818 e-flex e-con-boxed e-con e-child\" data-id=\"7623818\" data-element_type=\"container\" data-e-type=\"container\">\n\t\t\t\t\t<div class=\"e-con-inner\">\n\t\t\t\t<div class=\"elementor-element elementor-element-1af85c5 elementor-widget elementor-widget-heading\" data-id=\"1af85c5\" data-element_type=\"widget\" data-e-type=\"widget\" data-widget_type=\"heading.default\">\n\t\t\t\t<div class=\"elementor-widget-container\">\n\t\t\t\t\t<h2 class=\"elementor-heading-title elementor-size-default\">Nivel Inicial<\/h2>\t\t\t\t<\/div>\n\t\t\t\t<\/div>\n\t\t\t\t<div class=\"elementor-element elementor-element-7e57ccd elementor-widget elementor-widget-text-editor\" data-id=\"7e57ccd\" data-element_type=\"widget\" data-e-type=\"widget\" data-widget_type=\"text-editor.default\">\n\t\t\t\t<div class=\"elementor-widget-container\">\n\t\t\t\t\t\t\t\t\t<p>Abarca la Sala de 4 a\u00f1os, los \u00abZorzales\u00bb y la sala de 5 a\u00f1os, las \u00abCalandrias\u00bb, y se desarrolla en un ambiente donde los nin\u0303os y nin\u0303as puedan expresarse y moverse, favoreciendo el desarrollo de su libertad.<\/p><p>El cuerpo de maestras y maestros busca generar condiciones y espacios para compartir tareas, jugar juntos, vincularse y aprender a ser tolerantes. Como as\u00ed tambi\u00e9n acompa\u00f1ar y respetar los procesos fisiol\u00f3gicos que suceden entre los 4 y 5 a\u00f1os, donde est\u00e1n terminando de madurar sus \u00f3rganos internos, y esto ayuda a evitar desequilibrios en edades posteriores.<\/p><p>Para la pedagog\u00eda es importante conquistar y mantener h\u00e1bitos en esta edad. Para ello, se hace hincapi\u00e9 en establecer un ritmo diario durante la jornada en el Jard\u00edn que incluya: el descanso, comida y aseo.<br \/>Tambi\u00e9n realizan cotidianamente actividades tales como jardiner\u00eda, elaboraci\u00f3n del pan, cuidado de la huerta, actividades cotidianas que sirvan para estar en contacto con los cuatro elementos y en funci\u00f3n de los ritmos y ciclos que rigen la naturaleza y las estaciones. Las ni\u00f1eces tienen la oportunidad y nunca la obligaci\u00f3n de poder participar.<br \/>Se inspira, a trav\u00e9s del juego, a embellecer y acondicionar las salas en un entorno c\u00e1lido y hogare\u00f1o, para favorecer el desarrollo de un aprendizaje sensorial.<\/p>\t\t\t\t\t\t\t\t<\/div>\n\t\t\t\t<\/div>\n\t\t\t\t\t<\/div>\n\t\t\t\t<\/div>\n\t\t\t\t\t<\/div>\n\t\t\t\t<\/div>\n\t\t<div class=\"elementor-element elementor-element-44a4ebd e-flex e-con-boxed e-con e-parent\" data-id=\"44a4ebd\" data-element_type=\"container\" data-e-type=\"container\" data-settings=\"{&quot;background_background&quot;:&quot;classic&quot;}\">\n\t\t\t\t\t<div class=\"e-con-inner\">\n\t\t<div class=\"elementor-element elementor-element-8db007c e-flex e-con-boxed e-con e-child\" data-id=\"8db007c\" data-element_type=\"container\" data-e-type=\"container\">\n\t\t\t\t\t<div class=\"e-con-inner\">\n\t\t\t\t\t<\/div>\n\t\t\t\t<\/div>\n\t\t\t\t\t<\/div>\n\t\t\t\t<\/div>\n\t\t<div class=\"elementor-element elementor-element-9d11748 e-flex e-con-boxed e-con e-parent\" data-id=\"9d11748\" data-element_type=\"container\" data-e-type=\"container\" id=\"primaria\" data-settings=\"{&quot;background_background&quot;:&quot;gradient&quot;}\">\n\t\t\t\t\t<div class=\"e-con-inner\">\n\t\t<div class=\"elementor-element elementor-element-6d69e5f e-flex e-con-boxed e-con e-child\" data-id=\"6d69e5f\" data-element_type=\"container\" data-e-type=\"container\">\n\t\t\t\t\t<div class=\"e-con-inner\">\n\t\t\t\t<div class=\"elementor-element elementor-element-a9663e5 elementor-widget elementor-widget-heading\" data-id=\"a9663e5\" data-element_type=\"widget\" data-e-type=\"widget\" data-widget_type=\"heading.default\">\n\t\t\t\t<div class=\"elementor-widget-container\">\n\t\t\t\t\t<h2 class=\"elementor-heading-title elementor-size-default\">Primaria<\/h2>\t\t\t\t<\/div>\n\t\t\t\t<\/div>\n\t\t\t\t<div class=\"elementor-element elementor-element-300e13d elementor-widget elementor-widget-text-editor\" data-id=\"300e13d\" data-element_type=\"widget\" data-e-type=\"widget\" data-widget_type=\"text-editor.default\">\n\t\t\t\t<div class=\"elementor-widget-container\">\n\t\t\t\t\t\t\t\t\t<p>Abarca salas de 1\u00ba a 7\u00ba grado.<\/p><p>En este ciclo se busca generar un ritmo diario durante la jornada escolar, teniendo en cuenta el proceso de respiraci\u00f3n: inhalaci\u00f3n (momento de mayor atenci\u00f3n y concentraci\u00f3n) y exhalaci\u00f3n (momento de relajaci\u00f3n y descanso).<\/p><p>Educar la voluntad por medio de las pr\u00e1cticas art\u00edsticas es un eje central en el d\u00eda a d\u00eda.<\/p><p>El acompa\u00f1amiento de cada grupo por la misma maestra o maestro es nuestro ideal, o al menos la mayor parte posible del trayecto escolar, para as\u00ed lograr dar continuidad al proceso de aprendizaje, retomando y profundizando aspectos trabajados en otros a\u00f1os, creando tambi\u00e9n una relaci\u00f3n cercana, tanto con las ni\u00f1eces como con sus familias, lo que facilita a la o el docente tener una visi\u00f3n global de su desarrollo.<\/p><p>El proceso de descubrimiento de los saberes se presenta a trav\u00e9s de la formaci\u00f3n de im\u00e1genes, de manera art\u00edstica y desde la vivencia.<\/p><p>El ritmo diario se inicia con una ronda, un trabajo r\u00edtmico en el que poemas, versos y canciones cobran vida con los gestos y movimientos que el docente propone cada d\u00eda.<\/p><p>Se trabajan los saberes por \u00e9pocas o proyectos, intensificando as\u00ed la concentraci\u00f3n e inter\u00e9s de la ni\u00f1ez. Se propicia la inteligencia sensitiva, ya que consideramos que el conocimiento no se transmite, sino que se experimenta, dando la misma importancia a los saberes como al proceso an\u00edmico para alcanzarlos.<\/p><p>Se prioriza la generaci\u00f3n de espacios donde se desarrollen con alegr\u00eda la imaginaci\u00f3n, las imitaciones r\u00edtmicas a trav\u00e9s de la m\u00fasica, las artes visuales, el movimiento, la poes\u00eda y el juego.<\/p><p>Se utilizan materiales nobles en las actividades art\u00edsticas y pr\u00e1cticas, tales como pintura, cer\u00e1mica, labores, huerta, para desarrollar la motricidad fina, creando, modelando y transformando individual y colectivamente.<\/p>\t\t\t\t\t\t\t\t<\/div>\n\t\t\t\t<\/div>\n\t\t\t\t\t<\/div>\n\t\t\t\t<\/div>\n\t\t\t\t\t<\/div>\n\t\t\t\t<\/div>\n\t\t<div class=\"elementor-element elementor-element-62ede23 e-flex e-con-boxed e-con e-parent\" data-id=\"62ede23\" data-element_type=\"container\" data-e-type=\"container\" id=\"organica\">\n\t\t\t\t\t<div class=\"e-con-inner\">\n\t\t<div class=\"elementor-element elementor-element-e64bfe2 e-flex e-con-boxed e-con e-child\" data-id=\"e64bfe2\" data-element_type=\"container\" data-e-type=\"container\">\n\t\t\t\t\t<div class=\"e-con-inner\">\n\t\t\t\t<div class=\"elementor-element elementor-element-52620aa elementor-widget elementor-widget-heading\" data-id=\"52620aa\" data-element_type=\"widget\" data-e-type=\"widget\" id=\"principios\" data-widget_type=\"heading.default\">\n\t\t\t\t<div class=\"elementor-widget-container\">\n\t\t\t\t\t<h2 class=\"elementor-heading-title elementor-size-default\">Org\u00e1nica<\/h2>\t\t\t\t<\/div>\n\t\t\t\t<\/div>\n\t\t\t\t<div class=\"elementor-element elementor-element-9608bf9 elementor-widget elementor-widget-text-editor\" data-id=\"9608bf9\" data-element_type=\"widget\" data-e-type=\"widget\" data-widget_type=\"text-editor.default\">\n\t\t\t\t<div class=\"elementor-widget-container\">\n\t\t\t\t\t\t\t\t\t<p>La escuela se concibe formada por tres esferas integradas, que sostienen la construcci\u00f3n comunitaria, junto con un espacio de Asamblea para la discusi\u00f3n y consenso, de gran riqueza para la construcci\u00f3n del sentido de comunidad educativa.<\/p>\n<p>El cuerpo docente, la comisi\u00f3n directiva (que abarca la parte administrativa) y las comisiones de trabajo. Cada una cumple un rol espec\u00edfico en la gesti\u00f3n y funcionamiento de la instituci\u00f3n.<\/p>\n<p>El cuerpo docente, cuerpo pedag\u00f3gico integrado por maestros y maestras que se ocupan de la actividad curricular orientada desde la Pedagog\u00eda Waldorf. Y tambi\u00e9n forman parte de este cuenco, tres amorosos celadores y padres de la escuela, que ayudan a sostener a la ni\u00f1ez y al espacio.<\/p>\t\t\t\t\t\t\t\t<\/div>\n\t\t\t\t<\/div>\n\t\t\t\t<div class=\"elementor-element elementor-element-f4c4151 elementor-widget elementor-widget-heading\" data-id=\"f4c4151\" data-element_type=\"widget\" data-e-type=\"widget\" data-widget_type=\"heading.default\">\n\t\t\t\t<div class=\"elementor-widget-container\">\n\t\t\t\t\t<h3 class=\"elementor-heading-title elementor-size-default\">Las comisiones de trabajo que permiten el funcionamiento de la Escuela:<\/h3>\t\t\t\t<\/div>\n\t\t\t\t<\/div>\n\t\t<div class=\"elementor-element elementor-element-2d764fb e-grid e-con-boxed e-con e-child\" data-id=\"2d764fb\" data-element_type=\"container\" data-e-type=\"container\">\n\t\t\t\t\t<div class=\"e-con-inner\">\n\t\t\t\t<div class=\"elementor-element elementor-element-8e872a5 elementor-view-default elementor-position-block-start elementor-mobile-position-block-start elementor-widget elementor-widget-icon-box\" data-id=\"8e872a5\" data-element_type=\"widget\" data-e-type=\"widget\" data-widget_type=\"icon-box.default\">\n\t\t\t\t<div class=\"elementor-widget-container\">\n\t\t\t\t\t\t\t<div class=\"elementor-icon-box-wrapper\">\n\n\t\t\t\t\t\t<div class=\"elementor-icon-box-icon\">\n\t\t\t\t<span  class=\"elementor-icon elementor-animation-push\">\n\t\t\t\t<i aria-hidden=\"true\" class=\"fas fa-star\"><\/i>\t\t\t\t<\/span>\n\t\t\t<\/div>\n\t\t\t\n\t\t\t\t\t\t<div class=\"elementor-icon-box-content\">\n\n\t\t\t\t\t\t\t\t\t<h3 class=\"elementor-icon-box-title\">\n\t\t\t\t\t\t<span  >\n\t\t\t\t\t\t\tComisi\u00f3n de Econom\u00eda\t\t\t\t\t\t<\/span>\n\t\t\t\t\t<\/h3>\n\t\t\t\t\n\t\t\t\t\t\t\t\t\t<p class=\"elementor-icon-box-description\">\n\t\t\t\t\t\tOtorga claridad, transparencia e impecabilidad en los n\u00fameros de la Escuela, actualizaci\u00f3n y visibilidad de los desaf\u00edos econ\u00f3micos que acontecen a cada momento, para traer a la consciencia de la Comunidad, la importancia del aporte fraterno de cada familia para materializar y expandir esta realidad.\t\t\t\t\t<\/p>\n\t\t\t\t\n\t\t\t<\/div>\n\t\t\t\n\t\t<\/div>\n\t\t\t\t\t\t<\/div>\n\t\t\t\t<\/div>\n\t\t\t\t<div class=\"elementor-element elementor-element-bf5576d elementor-view-default elementor-position-block-start elementor-mobile-position-block-start elementor-widget elementor-widget-icon-box\" data-id=\"bf5576d\" data-element_type=\"widget\" data-e-type=\"widget\" data-widget_type=\"icon-box.default\">\n\t\t\t\t<div class=\"elementor-widget-container\">\n\t\t\t\t\t\t\t<div class=\"elementor-icon-box-wrapper\">\n\n\t\t\t\t\t\t<div class=\"elementor-icon-box-icon\">\n\t\t\t\t<span  class=\"elementor-icon elementor-animation-push\">\n\t\t\t\t<i aria-hidden=\"true\" class=\"fas fa-star\"><\/i>\t\t\t\t<\/span>\n\t\t\t<\/div>\n\t\t\t\n\t\t\t\t\t\t<div class=\"elementor-icon-box-content\">\n\n\t\t\t\t\t\t\t\t\t<h3 class=\"elementor-icon-box-title\">\n\t\t\t\t\t\t<span  >\n\t\t\t\t\t\t\tComisi\u00f3n de Infraestructura\t\t\t\t\t\t<\/span>\n\t\t\t\t\t<\/h3>\n\t\t\t\t\n\t\t\t\t\t\t\t\t\t<p class=\"elementor-icon-box-description\">\n\t\t\t\t\t\tMantiene los espacios edilicios y ambientales de la Escuela. Repara infraestructura da\u00f1ada, construye nuevos espacios y embellece los espacios.\t\t\t\t\t<\/p>\n\t\t\t\t\n\t\t\t<\/div>\n\t\t\t\n\t\t<\/div>\n\t\t\t\t\t\t<\/div>\n\t\t\t\t<\/div>\n\t\t\t\t<div class=\"elementor-element elementor-element-c56a7de elementor-view-default elementor-position-block-start elementor-mobile-position-block-start elementor-widget elementor-widget-icon-box\" data-id=\"c56a7de\" data-element_type=\"widget\" data-e-type=\"widget\" data-widget_type=\"icon-box.default\">\n\t\t\t\t<div class=\"elementor-widget-container\">\n\t\t\t\t\t\t\t<div class=\"elementor-icon-box-wrapper\">\n\n\t\t\t\t\t\t<div class=\"elementor-icon-box-icon\">\n\t\t\t\t<span  class=\"elementor-icon elementor-animation-push\">\n\t\t\t\t<i aria-hidden=\"true\" class=\"fas fa-star\"><\/i>\t\t\t\t<\/span>\n\t\t\t<\/div>\n\t\t\t\n\t\t\t\t\t\t<div class=\"elementor-icon-box-content\">\n\n\t\t\t\t\t\t\t\t\t<h3 class=\"elementor-icon-box-title\">\n\t\t\t\t\t\t<span  >\n\t\t\t\t\t\t\tComisi\u00f3n de Comunicaci\u00f3n\t\t\t\t\t\t<\/span>\n\t\t\t\t\t<\/h3>\n\t\t\t\t\n\t\t\t\t\t\t\t\t\t<p class=\"elementor-icon-box-description\">\n\t\t\t\t\t\tCoordina la comunicaci\u00f3n interna y externa de los diferentes proyectos que conforman nuestra comunidad para trabajar de manera sin\u00e9rgica. Facilita herramientas, metodolog\u00edas y pr\u00e1cticas para la difusi\u00f3n de actividades, coordina el trabajo en equipo y toma de decisiones, realiza material gr\u00e1fico y gestiona la comunicaci\u00f3n en redes sociales.\n\t\t\t\t\t<\/p>\n\t\t\t\t\n\t\t\t<\/div>\n\t\t\t\n\t\t<\/div>\n\t\t\t\t\t\t<\/div>\n\t\t\t\t<\/div>\n\t\t\t\t\t<\/div>\n\t\t\t\t<\/div>\n\t\t<div class=\"elementor-element elementor-element-bcdb66b e-flex e-con-boxed e-con e-child\" data-id=\"bcdb66b\" data-element_type=\"container\" data-e-type=\"container\">\n\t\t\t\t\t<div class=\"e-con-inner\">\n\t\t\t\t<div class=\"elementor-element elementor-element-04bab0b elementor-widget__width-initial elementor-widget-mobile__width-initial elementor-view-default elementor-position-block-start elementor-mobile-position-block-start elementor-widget elementor-widget-icon-box\" data-id=\"04bab0b\" data-element_type=\"widget\" data-e-type=\"widget\" data-widget_type=\"icon-box.default\">\n\t\t\t\t<div class=\"elementor-widget-container\">\n\t\t\t\t\t\t\t<div class=\"elementor-icon-box-wrapper\">\n\n\t\t\t\t\t\t<div class=\"elementor-icon-box-icon\">\n\t\t\t\t<span  class=\"elementor-icon elementor-animation-push\">\n\t\t\t\t<i aria-hidden=\"true\" class=\"fas fa-star\"><\/i>\t\t\t\t<\/span>\n\t\t\t<\/div>\n\t\t\t\n\t\t\t\t\t\t<div class=\"elementor-icon-box-content\">\n\n\t\t\t\t\t\t\t\t\t<h3 class=\"elementor-icon-box-title\">\n\t\t\t\t\t\t<span  >\n\t\t\t\t\t\t\tComisi\u00f3n de Gesti\u00f3n\t\t\t\t\t\t<\/span>\n\t\t\t\t\t<\/h3>\n\t\t\t\t\n\t\t\t\t\t\t\t\t\t<p class=\"elementor-icon-box-description\">\n\t\t\t\t\t\tConsigue recursos econ\u00f3micos y materiales. Colabora en la sistematizaci\u00f3n de procesos. Enriquece la comunidad con el intercambio cultural y de formaci\u00f3n con personas e instituciones. \n\t\t\t\t\t<\/p>\n\t\t\t\t\n\t\t\t<\/div>\n\t\t\t\n\t\t<\/div>\n\t\t\t\t\t\t<\/div>\n\t\t\t\t<\/div>\n\t\t\t\t<div class=\"elementor-element elementor-element-ef3bdfe elementor-widget__width-initial elementor-widget-mobile__width-initial elementor-view-default elementor-position-block-start elementor-mobile-position-block-start elementor-widget elementor-widget-icon-box\" data-id=\"ef3bdfe\" data-element_type=\"widget\" data-e-type=\"widget\" data-widget_type=\"icon-box.default\">\n\t\t\t\t<div class=\"elementor-widget-container\">\n\t\t\t\t\t\t\t<div class=\"elementor-icon-box-wrapper\">\n\n\t\t\t\t\t\t<div class=\"elementor-icon-box-icon\">\n\t\t\t\t<span  class=\"elementor-icon elementor-animation-push\">\n\t\t\t\t<i aria-hidden=\"true\" class=\"fas fa-star\"><\/i>\t\t\t\t<\/span>\n\t\t\t<\/div>\n\t\t\t\n\t\t\t\t\t\t<div class=\"elementor-icon-box-content\">\n\n\t\t\t\t\t\t\t\t\t<h3 class=\"elementor-icon-box-title\">\n\t\t\t\t\t\t<span  >\n\t\t\t\t\t\t\tComisi\u00f3n de eventos\t\t\t\t\t\t<\/span>\n\t\t\t\t\t<\/h3>\n\t\t\t\t\n\t\t\t\t\t\t\t\t\t<p class=\"elementor-icon-box-description\">\n\t\t\t\t\t\tOrganiza eventos con el fin de recaudar dinero para sostener la Escuela. <br>Como as\u00ed tambi\u00e9n dar a conocer <br>el espacio a la comunidad.\t\t\t\t\t<\/p>\n\t\t\t\t\n\t\t\t<\/div>\n\t\t\t\n\t\t<\/div>\n\t\t\t\t\t\t<\/div>\n\t\t\t\t<\/div>\n\t\t\t\t\t<\/div>\n\t\t\t\t<\/div>\n\t\t<div class=\"elementor-element elementor-element-0f52d8a e-flex e-con-boxed e-con e-child\" data-id=\"0f52d8a\" data-element_type=\"container\" data-e-type=\"container\">\n\t\t\t\t\t<div class=\"e-con-inner\">\n\t\t\t\t<div class=\"elementor-element elementor-element-03b7f96 elementor-widget elementor-widget-heading\" data-id=\"03b7f96\" data-element_type=\"widget\" data-e-type=\"widget\" data-widget_type=\"heading.default\">\n\t\t\t\t<div class=\"elementor-widget-container\">\n\t\t\t\t\t<h3 class=\"elementor-heading-title elementor-size-default\">El compromiso y la participaci\u00f3n activa de toda la comunidad es un pilar fundamental, tanto en las Comisiones como en los diferentes Proyectos Autogestivos o Eventos Culturales.<\/h3>\t\t\t\t<\/div>\n\t\t\t\t<\/div>\n\t\t\t\t\t<\/div>\n\t\t\t\t<\/div>\n\t\t<div class=\"elementor-element elementor-element-5982eac e-flex e-con-boxed e-con e-child\" data-id=\"5982eac\" data-element_type=\"container\" data-e-type=\"container\">\n\t\t\t\t\t<div class=\"e-con-inner\">\n\t\t\t\t<div class=\"elementor-element elementor-element-8d16404 elementor-blockquote--skin-clean elementor-blockquote--align-left elementor-widget elementor-widget-blockquote\" data-id=\"8d16404\" data-element_type=\"widget\" data-e-type=\"widget\" data-widget_type=\"blockquote.default\">\n\t\t\t\t<div class=\"elementor-widget-container\">\n\t\t\t\t\t\t\t<blockquote class=\"elementor-blockquote\">\n\t\t\t<p class=\"elementor-blockquote__content\">\n\t\t\t\t\"Una vida social saludable se encuentra solamente cuando, en el espejo de cada alma, toda la comunidad encuentra su reflejo, y cuando, en toda la comunidad, vive la virtud de cada individuo\"\n\t\t\t<\/p>\n\t\t\t\t\t\t\t<div class=\"e-q-footer\">\n\t\t\t\t\t\t\t\t\t\t\t<cite class=\"elementor-blockquote__author\">Rudolf Steiner<\/cite>\n\t\t\t\t\t\t\t\t\t\t\t\t\t\t<\/div>\n\t\t\t\t\t<\/blockquote>\n\t\t\t\t\t\t<\/div>\n\t\t\t\t<\/div>\n\t\t\t\t\t<\/div>\n\t\t\t\t<\/div>\n\t\t\t\t\t<\/div>\n\t\t\t\t<\/div>\n\t\t\t\t\t<\/div>\n\t\t\t\t<\/div>\n\t\t<div class=\"elementor-element elementor-element-ed059c3 e-flex e-con-boxed e-con e-parent\" data-id=\"ed059c3\" data-element_type=\"container\" data-e-type=\"container\" id=\"contacto\" data-settings=\"{&quot;background_background&quot;:&quot;classic&quot;}\">\n\t\t\t\t\t<div class=\"e-con-inner\">\n\t\t<div class=\"elementor-element elementor-element-e2d6b93 e-flex e-con-boxed e-con e-child\" data-id=\"e2d6b93\" data-element_type=\"container\" data-e-type=\"container\">\n\t\t\t\t\t<div class=\"e-con-inner\">\n\t\t\t\t<div class=\"elementor-element elementor-element-beaecbe elementor-widget elementor-widget-heading\" data-id=\"beaecbe\" data-element_type=\"widget\" data-e-type=\"widget\" data-widget_type=\"heading.default\">\n\t\t\t\t<div class=\"elementor-widget-container\">\n\t\t\t\t\t<h2 class=\"elementor-heading-title elementor-size-default\">Esperamos tu consulta<\/h2>\t\t\t\t<\/div>\n\t\t\t\t<\/div>\n\t\t\t\t<div class=\"elementor-element elementor-element-a3943de elementor-widget elementor-widget-heading\" data-id=\"a3943de\" data-element_type=\"widget\" data-e-type=\"widget\" data-widget_type=\"heading.default\">\n\t\t\t\t<div class=\"elementor-widget-container\">\n\t\t\t\t\t<h2 class=\"elementor-heading-title elementor-size-default\">\u00a1Gracias por tu contacto!<\/h2>\t\t\t\t<\/div>\n\t\t\t\t<\/div>\n\t\t\t\t\t<\/div>\n\t\t\t\t<\/div>\n\t\t\t\t<div class=\"elementor-element elementor-element-7566104 elementor-button-align-stretch elementor-widget elementor-widget-form\" data-id=\"7566104\" data-element_type=\"widget\" data-e-type=\"widget\" data-settings=\"{&quot;step_next_label&quot;:&quot;Next&quot;,&quot;step_previous_label&quot;:&quot;Previous&quot;,&quot;button_width&quot;:&quot;100&quot;,&quot;step_type&quot;:&quot;number_text&quot;,&quot;step_icon_shape&quot;:&quot;circle&quot;}\" data-widget_type=\"form.default\">\n\t\t\t\t<div class=\"elementor-widget-container\">\n\t\t\t\t\t\t\t<form class=\"elementor-form\" method=\"post\" name=\"New Form\" aria-label=\"New Form\">\n\t\t\t<input type=\"hidden\" name=\"post_id\" value=\"8\"\/>\n\t\t\t<input type=\"hidden\" name=\"form_id\" value=\"7566104\"\/>\n\t\t\t<input type=\"hidden\" name=\"referer_title\" value=\"Escuela Aguaribay\" \/>\n\n\t\t\t\n\t\t\t<div class=\"elementor-form-fields-wrapper elementor-labels-above\">\n\t\t\t\t\t\t\t\t<div class=\"elementor-field-type-text elementor-field-group elementor-column elementor-field-group-name elementor-col-50 elementor-field-required elementor-mark-required\">\n\t\t\t\t\t\t\t\t\t\t\t\t<label for=\"form-field-name\" class=\"elementor-field-label\">\n\t\t\t\t\t\t\t\tNombre\t\t\t\t\t\t\t<\/label>\n\t\t\t\t\t\t\t\t\t\t\t\t\t\t<input size=\"1\" type=\"text\" name=\"form_fields[name]\" id=\"form-field-name\" class=\"elementor-field elementor-size-sm  elementor-field-textual\" placeholder=\"Nombre Completo\" required=\"required\">\n\t\t\t\t\t\t\t\t\t\t\t<\/div>\n\t\t\t\t\t\t\t\t<div class=\"elementor-field-type-text elementor-field-group elementor-column elementor-field-group-field_ca8bb74 elementor-col-50\">\n\t\t\t\t\t\t\t\t\t\t\t\t<label for=\"form-field-field_ca8bb74\" class=\"elementor-field-label\">\n\t\t\t\t\t\t\t\tApellido\t\t\t\t\t\t\t<\/label>\n\t\t\t\t\t\t\t\t\t\t\t\t\t\t<input size=\"1\" type=\"text\" name=\"form_fields[field_ca8bb74]\" id=\"form-field-field_ca8bb74\" class=\"elementor-field elementor-size-sm  elementor-field-textual\" placeholder=\"Apellido\">\n\t\t\t\t\t\t\t\t\t\t\t<\/div>\n\t\t\t\t\t\t\t\t<div class=\"elementor-field-type-email elementor-field-group elementor-column elementor-field-group-email elementor-col-50 elementor-field-required elementor-mark-required\">\n\t\t\t\t\t\t\t\t\t\t\t\t<label for=\"form-field-email\" class=\"elementor-field-label\">\n\t\t\t\t\t\t\t\tEmail\t\t\t\t\t\t\t<\/label>\n\t\t\t\t\t\t\t\t\t\t\t\t\t\t<input size=\"1\" type=\"email\" name=\"form_fields[email]\" id=\"form-field-email\" class=\"elementor-field elementor-size-sm  elementor-field-textual\" placeholder=\"Email\" required=\"required\">\n\t\t\t\t\t\t\t\t\t\t\t<\/div>\n\t\t\t\t\t\t\t\t<div class=\"elementor-field-type-text elementor-field-group elementor-column elementor-field-group-field_cd0aec4 elementor-col-50 elementor-field-required elementor-mark-required\">\n\t\t\t\t\t\t\t\t\t\t\t\t<label for=\"form-field-field_cd0aec4\" class=\"elementor-field-label\">\n\t\t\t\t\t\t\t\tTel\u00e9fono\t\t\t\t\t\t\t<\/label>\n\t\t\t\t\t\t\t\t\t\t\t\t\t\t<input size=\"1\" type=\"text\" name=\"form_fields[field_cd0aec4]\" id=\"form-field-field_cd0aec4\" class=\"elementor-field elementor-size-sm  elementor-field-textual\" placeholder=\"Tel\u00e9fono\" required=\"required\">\n\t\t\t\t\t\t\t\t\t\t\t<\/div>\n\t\t\t\t\t\t\t\t<div class=\"elementor-field-type-textarea elementor-field-group elementor-column elementor-field-group-message elementor-col-100\">\n\t\t\t\t\t\t\t\t\t\t\t\t<label for=\"form-field-message\" class=\"elementor-field-label\">\n\t\t\t\t\t\t\t\tMensaje\t\t\t\t\t\t\t<\/label>\n\t\t\t\t\t\t<textarea class=\"elementor-field-textual elementor-field  elementor-size-sm\" name=\"form_fields[message]\" id=\"form-field-message\" rows=\"4\" placeholder=\"Dejanos tu mensaje\"><\/textarea>\t\t\t\t<\/div>\n\t\t\t\t\t\t\t\t<div class=\"elementor-field-type-recaptcha_v3 elementor-field-group elementor-column elementor-field-group-field_aff73ff elementor-col-100 recaptcha_v3-inline\">\n\t\t\t\t\t<div class=\"elementor-field\" id=\"form-field-field_aff73ff\"><div class=\"elementor-g-recaptcha\" data-sitekey=\"6Led77wpAAAAAPioi_XlmH-XzA4xc-sJObdX1Y2w\" data-type=\"v3\" data-action=\"Form\" data-badge=\"inline\" data-size=\"invisible\"><\/div><\/div>\t\t\t\t<\/div>\n\t\t\t\t\t\t\t\t<div class=\"elementor-field-group elementor-column elementor-field-type-submit elementor-col-100 e-form__buttons\">\n\t\t\t\t\t<button class=\"elementor-button elementor-size-sm\" type=\"submit\">\n\t\t\t\t\t\t<span class=\"elementor-button-content-wrapper\">\n\t\t\t\t\t\t\t\t\t\t\t\t\t\t\t\t\t\t\t\t\t\t<span class=\"elementor-button-text\">Enviar<\/span>\n\t\t\t\t\t\t\t\t\t\t\t\t\t<\/span>\n\t\t\t\t\t<\/button>\n\t\t\t\t<\/div>\n\t\t\t<\/div>\n\t\t<\/form>\n\t\t\t\t\t\t<\/div>\n\t\t\t\t<\/div>\n\t\t\t\t<div class=\"elementor-element elementor-element-570ef55 elementor-widget elementor-widget-heading\" data-id=\"570ef55\" data-element_type=\"widget\" data-e-type=\"widget\" data-widget_type=\"heading.default\">\n\t\t\t\t<div class=\"elementor-widget-container\">\n\t\t\t\t\t<h3 class=\"elementor-heading-title elementor-size-default\">INSCRIPCIONES<\/h3>\t\t\t\t<\/div>\n\t\t\t\t<\/div>\n\t\t\t\t<div class=\"elementor-element elementor-element-c6aba65 elementor-widget elementor-widget-text-editor\" data-id=\"c6aba65\" data-element_type=\"widget\" data-e-type=\"widget\" data-widget_type=\"text-editor.default\">\n\t\t\t\t<div class=\"elementor-widget-container\">\n\t\t\t\t\t\t\t\t\tLas familias que resuenen con la propuesta de esta Escuela y est\u00e9n interesadas en inscribir a su\/s hijo\/s o hija\/s deben enviar un correo a:\u00a0<\/span><span style=\"font-family: var( --e-global-typography-text-font-family ), Sans-serif; font-size: var( --e-global-typography-text-font-size ); font-weight: var( --e-global-typography-text-font-weight ); text-align: var(--text-align); color: #3ac741;\">info@aguaribay.edu.ar<\/span><span style=\"font-family: var( --e-global-typography-text-font-family ), Sans-serif; font-size: var( --e-global-typography-text-font-size ); font-weight: var( --e-global-typography-text-font-weight ); text-align: var(--text-align);\">, que ser\u00e1 contestado a la brevedad por el equipo de Admisi\u00f3n para coordinar una reuni\u00f3n con la familia en la Escuela.<\/span>\t\t\t\t\t\t\t\t<\/div>\n\t\t\t\t<\/div>\n\t\t\t\t\t<\/div>\n\t\t\t\t<\/div>\n\t\t<div class=\"elementor-element elementor-element-e909b19 elementor-hidden-mobile e-flex e-con-boxed e-con e-parent\" data-id=\"e909b19\" data-element_type=\"container\" data-e-type=\"container\">\n\t\t\t\t\t<div class=\"e-con-inner\">\n\t\t\t\t<div class=\"elementor-element elementor-element-e76f283 elementor-fixed elementor-hidden-tablet elementor-hidden-mobile elementor-view-default elementor-widget elementor-widget-icon\" data-id=\"e76f283\" data-element_type=\"widget\" data-e-type=\"widget\" data-settings=\"{&quot;_position&quot;:&quot;fixed&quot;}\" data-widget_type=\"icon.default\">\n\t\t\t\t<div class=\"elementor-widget-container\">\n\t\t\t\t\t\t\t<div class=\"elementor-icon-wrapper\">\n\t\t\t<a class=\"elementor-icon\" href=\"https:\/\/aguaribay.edu.ar\/escuela\/#up\">\n\t\t\t<i aria-hidden=\"true\" class=\"fas fa-angle-up\"><\/i>\t\t\t<\/a>\n\t\t<\/div>\n\t\t\t\t\t\t<\/div>\n\t\t\t\t<\/div>\n\t\t\t\t\t<\/div>\n\t\t\t\t<\/div>\n\t\t\t\t<\/div>\n\t\t","protected":false},"excerpt":{"rendered":"<p>\u201cCuando un ni\u00f1o puede relacionar lo que aprende con sus propias experiencias, su inter\u00e9s vital se despierta, su memoria se activa, y lo aprendido se vuelve suyo.\u201d Rudolf Steiner Nuestra Escuela Aguaribay surge del sue\u00f1o, el compromiso y el esfuerzo de un grupo de madres, padres y educadores de Mendoza, Argentina, que buscaban brindar a [&hellip;]<\/p>\n","protected":false},"author":2,"featured_media":0,"parent":0,"menu_order":0,"comment_status":"closed","ping_status":"closed","template":"","meta":{"_acf_changed":false,"footnotes":""},"class_list":["post-8","page","type-page","status-publish","hentry"],"acf":[],"yoast_head":"<!-- This site is optimized with the Yoast SEO plugin v27.0 - https:\/\/yoast.com\/product\/yoast-seo-wordpress\/ -->\n<title>Aguaribay - Escuela Aguaribay<\/title>\n<meta name=\"robots\" content=\"index, follow, max-snippet:-1, max-image-preview:large, max-video-preview:-1\" \/>\n<link rel=\"canonical\" href=\"https:\/\/aguaribay.edu.ar\/escuela\/\" \/>\n<meta property=\"og:locale\" content=\"es_ES\" \/>\n<meta property=\"og:type\" content=\"article\" \/>\n<meta property=\"og:title\" content=\"Aguaribay - Escuela Aguaribay\" \/>\n<meta property=\"og:description\" content=\"\u201cCuando un ni\u00f1o puede relacionar lo que aprende con sus propias experiencias, su inter\u00e9s vital se despierta, su memoria se activa, y lo aprendido se vuelve suyo.\u201d Rudolf Steiner Nuestra Escuela Aguaribay surge del sue\u00f1o, el compromiso y el esfuerzo de un grupo de madres, padres y educadores de Mendoza, Argentina, que buscaban brindar a [&hellip;]\" \/>\n<meta property=\"og:url\" content=\"https:\/\/aguaribay.edu.ar\/escuela\/\" \/>\n<meta property=\"og:site_name\" content=\"Escuela Aguaribay\" \/>\n<meta property=\"article:modified_time\" content=\"2025-03-14T19:26:02+00:00\" \/>\n<meta name=\"twitter:card\" content=\"summary_large_image\" \/>\n<meta name=\"twitter:label1\" content=\"Tiempo de lectura\" \/>\n\t<meta name=\"twitter:data1\" content=\"5 minutos\" \/>\n<script type=\"application\/ld+json\" class=\"yoast-schema-graph\">{\"@context\":\"https:\/\/schema.org\",\"@graph\":[{\"@type\":\"WebPage\",\"@id\":\"https:\/\/aguaribay.edu.ar\/escuela\/\",\"url\":\"https:\/\/aguaribay.edu.ar\/escuela\/\",\"name\":\"Aguaribay - Escuela Aguaribay\",\"isPartOf\":{\"@id\":\"https:\/\/aguaribay.edu.ar\/escuela\/#website\"},\"datePublished\":\"2023-08-08T20:20:38+00:00\",\"dateModified\":\"2025-03-14T19:26:02+00:00\",\"inLanguage\":\"es\",\"potentialAction\":[{\"@type\":\"ReadAction\",\"target\":[\"https:\/\/aguaribay.edu.ar\/escuela\/\"]}]},{\"@type\":\"WebSite\",\"@id\":\"https:\/\/aguaribay.edu.ar\/escuela\/#website\",\"url\":\"https:\/\/aguaribay.edu.ar\/escuela\/\",\"name\":\"Escuela Aguaribay\",\"description\":\"Sitio institucional Escuela Aguaribay\",\"publisher\":{\"@id\":\"https:\/\/aguaribay.edu.ar\/escuela\/#organization\"},\"potentialAction\":[{\"@type\":\"SearchAction\",\"target\":{\"@type\":\"EntryPoint\",\"urlTemplate\":\"https:\/\/aguaribay.edu.ar\/escuela\/?s={search_term_string}\"},\"query-input\":{\"@type\":\"PropertyValueSpecification\",\"valueRequired\":true,\"valueName\":\"search_term_string\"}}],\"inLanguage\":\"es\"},{\"@type\":\"Organization\",\"@id\":\"https:\/\/aguaribay.edu.ar\/escuela\/#organization\",\"name\":\"Escuela Aguaribay\",\"url\":\"https:\/\/aguaribay.edu.ar\/escuela\/\",\"logo\":{\"@type\":\"ImageObject\",\"inLanguage\":\"es\",\"@id\":\"https:\/\/aguaribay.edu.ar\/escuela\/#\/schema\/logo\/image\/\",\"url\":\"https:\/\/aguaribay.edu.ar\/escuela\/wp-content\/uploads\/2023\/09\/Logo-aguaribay.png\",\"contentUrl\":\"https:\/\/aguaribay.edu.ar\/escuela\/wp-content\/uploads\/2023\/09\/Logo-aguaribay.png\",\"width\":500,\"height\":500,\"caption\":\"Escuela Aguaribay\"},\"image\":{\"@id\":\"https:\/\/aguaribay.edu.ar\/escuela\/#\/schema\/logo\/image\/\"},\"sameAs\":[\"https:\/\/www.instagram.com\/escuela_aguaribay\/?hl=es-la\"]}]}<\/script>\n<!-- \/ Yoast SEO plugin. -->","yoast_head_json":{"title":"Aguaribay - Escuela Aguaribay","robots":{"index":"index","follow":"follow","max-snippet":"max-snippet:-1","max-image-preview":"max-image-preview:large","max-video-preview":"max-video-preview:-1"},"canonical":"https:\/\/aguaribay.edu.ar\/escuela\/","og_locale":"es_ES","og_type":"article","og_title":"Aguaribay - Escuela Aguaribay","og_description":"\u201cCuando un ni\u00f1o puede relacionar lo que aprende con sus propias experiencias, su inter\u00e9s vital se despierta, su memoria se activa, y lo aprendido se vuelve suyo.\u201d Rudolf Steiner Nuestra Escuela Aguaribay surge del sue\u00f1o, el compromiso y el esfuerzo de un grupo de madres, padres y educadores de Mendoza, Argentina, que buscaban brindar a [&hellip;]","og_url":"https:\/\/aguaribay.edu.ar\/escuela\/","og_site_name":"Escuela Aguaribay","article_modified_time":"2025-03-14T19:26:02+00:00","twitter_card":"summary_large_image","twitter_misc":{"Tiempo de lectura":"5 minutos"},"schema":{"@context":"https:\/\/schema.org","@graph":[{"@type":"WebPage","@id":"https:\/\/aguaribay.edu.ar\/escuela\/","url":"https:\/\/aguaribay.edu.ar\/escuela\/","name":"Aguaribay - Escuela Aguaribay","isPartOf":{"@id":"https:\/\/aguaribay.edu.ar\/escuela\/#website"},"datePublished":"2023-08-08T20:20:38+00:00","dateModified":"2025-03-14T19:26:02+00:00","inLanguage":"es","potentialAction":[{"@type":"ReadAction","target":["https:\/\/aguaribay.edu.ar\/escuela\/"]}]},{"@type":"WebSite","@id":"https:\/\/aguaribay.edu.ar\/escuela\/#website","url":"https:\/\/aguaribay.edu.ar\/escuela\/","name":"Escuela Aguaribay","description":"Sitio institucional Escuela Aguaribay","publisher":{"@id":"https:\/\/aguaribay.edu.ar\/escuela\/#organization"},"potentialAction":[{"@type":"SearchAction","target":{"@type":"EntryPoint","urlTemplate":"https:\/\/aguaribay.edu.ar\/escuela\/?s={search_term_string}"},"query-input":{"@type":"PropertyValueSpecification","valueRequired":true,"valueName":"search_term_string"}}],"inLanguage":"es"},{"@type":"Organization","@id":"https:\/\/aguaribay.edu.ar\/escuela\/#organization","name":"Escuela Aguaribay","url":"https:\/\/aguaribay.edu.ar\/escuela\/","logo":{"@type":"ImageObject","inLanguage":"es","@id":"https:\/\/aguaribay.edu.ar\/escuela\/#\/schema\/logo\/image\/","url":"https:\/\/aguaribay.edu.ar\/escuela\/wp-content\/uploads\/2023\/09\/Logo-aguaribay.png","contentUrl":"https:\/\/aguaribay.edu.ar\/escuela\/wp-content\/uploads\/2023\/09\/Logo-aguaribay.png","width":500,"height":500,"caption":"Escuela Aguaribay"},"image":{"@id":"https:\/\/aguaribay.edu.ar\/escuela\/#\/schema\/logo\/image\/"},"sameAs":["https:\/\/www.instagram.com\/escuela_aguaribay\/?hl=es-la"]}]}},"_links":{"self":[{"href":"https:\/\/aguaribay.edu.ar\/escuela\/wp-json\/wp\/v2\/pages\/8","targetHints":{"allow":["GET"]}}],"collection":[{"href":"https:\/\/aguaribay.edu.ar\/escuela\/wp-json\/wp\/v2\/pages"}],"about":[{"href":"https:\/\/aguaribay.edu.ar\/escuela\/wp-json\/wp\/v2\/types\/page"}],"author":[{"embeddable":true,"href":"https:\/\/aguaribay.edu.ar\/escuela\/wp-json\/wp\/v2\/users\/2"}],"replies":[{"embeddable":true,"href":"https:\/\/aguaribay.edu.ar\/escuela\/wp-json\/wp\/v2\/comments?post=8"}],"version-history":[{"count":12,"href":"https:\/\/aguaribay.edu.ar\/escuela\/wp-json\/wp\/v2\/pages\/8\/revisions"}],"predecessor-version":[{"id":1216,"href":"https:\/\/aguaribay.edu.ar\/escuela\/wp-json\/wp\/v2\/pages\/8\/revisions\/1216"}],"wp:attachment":[{"href":"https:\/\/aguaribay.edu.ar\/escuela\/wp-json\/wp\/v2\/media?parent=8"}],"curies":[{"name":"wp","href":"https:\/\/api.w.org\/{rel}","templated":true}]}}